{"id":1064,"date":"2011-02-09T11:33:52","date_gmt":"2011-02-09T11:33:52","guid":{"rendered":"http:\/\/www.campuswerk.com\/Hochschulen-Deutschland"},"modified":"2022-05-10T22:06:46","modified_gmt":"2022-05-10T22:06:46","slug":"katholische-fachhochschule-freiburg","status":"publish","type":"page","link":"https:\/\/www.campuswerk.com\/Hochschulen-Deutschland\/hochschulen\/hochschulen-baden-wurttemberg\/katholische-fachhochschule-freiburg","title":{"rendered":"Katholische Fachhochschule Freiburg"},"content":{"rendered":"<h4>Kontakt<\/h4>\n<div class=\"adresse\">\n<ul>\n<li>Katholische Hochschule Freiburg<\/li>\n<li>Karlstr. 63<\/li>\n<li>79104 Freiburg<\/li>\n<li>Telefon: +49 761 200-1400<\/li>\n<li>E-Mail: studienberatungpeks@dla@yum.kh-freiburg.de<\/li>\n<li>\u00d6ffnungszeiten:<\/li>\n<li>Internet: <a title=\"Katholische Hochschule Freiburg\" href=\"https:\/\/www.kh-freiburg.de\/en\">https:\/\/www.kh-freiburg.de<\/a><\/li>\n<\/ul>\n<\/div>\n<pre>[wpmaps company=\"Katholische Hochschule Freiburg\" street=\"Karlstr. 63\" city=\"79104 Freiburg\"]<\/pre>\n<h5>\u00dcbersicht Studieng\u00e4nge<\/h5>\n<table border=\"0\" width=\"840\" cellpadding=\"0\">\n<tbody>\n<tr>\n<td class=\"tstyle\" width=\"40%\">Studieng\u00e4nge<\/td>\n<td class=\"tstyle\" align=\"center\" width=\"20%\">Bachlor<\/td>\n<td class=\"tstyle\" align=\"center\" width=\"20%\">Master<\/td>\n<td class=\"tstyle\" align=\"center\" width=\"20%\">Fernstudiengang<\/td>\n<\/tr>\n<tr>\n<td>Pflege<\/td>\n<td align=\"center\">B<\/td>\n<td align=\"center\"><\/td>\n<td align=\"center\"><\/td>\n<\/tr>\n<tr>\n<td>Management im Gesundheitswesen<\/td>\n<td align=\"center\">B<\/td>\n<td align=\"center\"><\/td>\n<td align=\"center\"><\/td>\n<\/tr>\n<tr>\n<td>Soziale Arbeit<\/td>\n<td align=\"center\">B<\/td>\n<td align=\"center\"><\/td>\n<td align=\"center\"><\/td>\n<\/tr>\n<tr>\n<td>Berufsp\u00e4dagogik im Gesundheitswesen (vormals: Pflegep\u00e4dagogik)<\/td>\n<td align=\"center\">B<\/td>\n<td align=\"center\"><\/td>\n<td align=\"center\"><\/td>\n<\/tr>\n<tr>\n<td>P\u00e4dagogik<\/td>\n<td align=\"center\">B<\/td>\n<td align=\"center\"><\/td>\n<td align=\"center\"><\/td>\n<\/tr>\n<tr>\n<td>Heilp\u00e4dagogik\/Inclusive Education<\/td>\n<td align=\"center\">B<\/td>\n<td align=\"center\"><\/td>\n<td align=\"center\"><\/td>\n<\/tr>\n<tr>\n<td>Management von Erziehungs- und Bildungseinrichtungen (weiterbildend)<\/td>\n<td align=\"center\">B<\/td>\n<td align=\"center\"><\/td>\n<td align=\"center\"><\/td>\n<\/tr>\n<tr>\n<td>Heilp\u00e4dagogik<\/td>\n<td align=\"center\"><\/td>\n<td align=\"center\">M<\/td>\n<td align=\"center\"><\/td>\n<\/tr>\n<tr>\n<td>Dienstleistungsentwicklung \/ Development of social and health services<\/td>\n<td align=\"center\"><\/td>\n<td align=\"center\">M<\/td>\n<td align=\"center\"><\/td>\n<\/tr>\n<tr>\n<td>Angewandte Ethik im Gesundheits- und Sozialwesen<\/td>\n<td align=\"center\"><\/td>\n<td align=\"center\">M<\/td>\n<td align=\"center\"><\/td>\n<\/tr>\n<tr>\n<td>#Management und F\u00fchrungskompetenz<\/td>\n<td align=\"center\"><\/td>\n<td align=\"center\">M<\/td>\n<td align=\"center\"><\/td>\n<\/tr>\n<tr>\n<td>International Master of Arts Therapies (K\u00fcnstlerische Therapien)<\/td>\n<td align=\"center\"><\/td>\n<td align=\"center\">M<\/td>\n<td align=\"center\"><\/td>\n<\/tr>\n<\/tbody>\n<\/table>\n<p>Weitere Hochschulen Baden W\u00fcrttemberg: <a title=\"Akademie f\u00fcr Darstellende Kunst Baden-W\u00fcrttemberg\" href=\"https:\/\/www.campuswerk.com\/Hochschulen-Deutschland\/hochschulen\/hochschulen-baden-wurttemberg\/akademie-fur-darstellende-kunst-baden-wurttemberg\">Akademie f\u00fcr Darstellende Kunst Baden-W\u00fcrttemberg<\/a> | <a title=\"Duale Hochschule Baden-W\u00fcrttemberg\" href=\"https:\/\/www.campuswerk.com\/Hochschulen-Deutschland\/hochschulen\/hochschulen-baden-wurttemberg\/duale-hochschule-baden-wurttemberg\">Duale Hochschule Baden-W\u00fcrttemberg<\/a> | <a title=\"Evangelische Fachhochschule Freiburg\" href=\"https:\/\/www.campuswerk.com\/Hochschulen-Deutschland\/hochschulen\/hochschulen-baden-wurttemberg\/evangelische-fachhochschule-freiburg\">Evangelische Fachhochschule Freiburg<\/a> | <a title=\"Evangelische Fachhochschule Reutlingen-Ludwigsburg\" href=\"https:\/\/www.campuswerk.com\/Hochschulen-Deutschland\/hochschulen\/hochschulen-baden-wurttemberg\/evangelische-fachhochschule-reutlingen-ludwigsburg\">Evangelische Fachhochschule Reutlingen-Ludwigsburg<\/a> | <a title=\"Evangelische Hochschule f\u00fcr Kirchenmusik T\u00fcbingen\" href=\"https:\/\/www.campuswerk.com\/Hochschulen-Deutschland\/hochschulen\/hochschulen-baden-wurttemberg\/evangelische-hochschule-fur-kirchenmusik-tubingen\">Evangelische Hochschule f\u00fcr Kirchenmusik T\u00fcbingen<\/a>| <a title=\"Fachhochschule f\u00fcr Rechtspflege Schwetzingen\" href=\"https:\/\/www.campuswerk.com\/Hochschulen-Deutschland\/hochschulen\/hochschulen-baden-wurttemberg\/fachhochschule-fur-rechtspflege-schwetzingen\">Fachhochschule f\u00fcr Rechtspflege Schwetzingen<\/a> |<a title=\"Filmakademie Baden-W\u00fcrttemberg\" href=\"https:\/\/www.campuswerk.com\/Hochschulen-Deutschland\/hochschulen\/hochschulen-baden-wurttemberg\/filmakademie-baden-wurttemberg\">Filmakademie Baden-W\u00fcrttemberg<\/a> | <a title=\"Duale Hochschule Baden-W\u00fcrttemberg\" href=\"https:\/\/www.campuswerk.com\/Hochschulen-Deutschland\/hochschulen\/hochschulen-baden-wurttemberg\/hochschule-aalen\">Hochschule Aalen<\/a> | <a title=\"Hochschule Albstadt-Simaringen\" href=\"https:\/\/www.campuswerk.com\/Hochschulen-Deutschland\/hochschulen\/hochschulen-baden-wurttemberg\/hochschule-albstadt-simaringen\">Hochschule Albstadt-Simaringen<\/a> | <a title=\"Hochschule Biberach\" href=\"https:\/\/www.campuswerk.com\/Hochschulen-Deutschland\/hochschulen\/hochschulen-baden-wurttemberg\/hochschule-biberach\">Hochschule Biberach<\/a> | <a title=\"Hochschule der Bundesagentur f\u00fcr Arbeit\" href=\"https:\/\/www.campuswerk.com\/Hochschulen-Deutschland\/hochschulen\/hochschulen-baden-wurttemberg\/hochschule-der-bundesagentur-fur-arbeit\">Hochschule der Bundesagentur f\u00fcr Arbeit<\/a>| <a title=\"Hochschule der Medien Stuttgart\" href=\"https:\/\/www.campuswerk.com\/Hochschulen-Deutschland\/hochschulen\/hochschulen-baden-wurttemberg\/hochschule-der-medien-stuttgart\">Hochschule der Medien Stuttgart<\/a><\/p>\n","protected":false},"excerpt":{"rendered":"<p>Kontakt Katholische Hochschule Freiburg Karlstr. 63 79104 Freiburg Telefon: +49 761 200-1400 E-Mail: studienberatungpeks@dla@yum.kh-freiburg.de \u00d6ffnungszeiten: Internet: https:\/\/www.kh-freiburg.de [wpmaps company=&#8220;Katholische Hochschule Freiburg&#8220; street=&#8220;Karlstr. 63&#8243; city=&#8220;79104 Freiburg&#8220;] \u00dcbersicht Studieng\u00e4nge Studieng\u00e4nge Bachlor Master Fernstudiengang Pflege B Management im Gesundheitswesen B Soziale Arbeit B Berufsp\u00e4dagogik im Gesundheitswesen (vormals: Pflegep\u00e4dagogik) B P\u00e4dagogik B Heilp\u00e4dagogik\/Inclusive Education B Management von Erziehungs- und [&hellip;]<\/p>\n","protected":false},"author":1,"featured_media":0,"parent":323,"menu_order":0,"comment_status":"open","ping_status":"open","template":"","meta":{"footnotes":""},"class_list":["post-1064","page","type-page","status-publish","hentry"],"_links":{"self":[{"href":"https:\/\/www.campuswerk.com\/Hochschulen-Deutschland\/wp-json\/wp\/v2\/pages\/1064","targetHints":{"allow":["GET"]}}],"collection":[{"href":"https:\/\/www.campuswerk.com\/Hochschulen-Deutschland\/wp-json\/wp\/v2\/pages"}],"about":[{"href":"https:\/\/www.campuswerk.com\/Hochschulen-Deutschland\/wp-json\/wp\/v2\/types\/page"}],"author":[{"embeddable":true,"href":"https:\/\/www.campuswerk.com\/Hochschulen-Deutschland\/wp-json\/wp\/v2\/users\/1"}],"replies":[{"embeddable":true,"href":"https:\/\/www.campuswerk.com\/Hochschulen-Deutschland\/wp-json\/wp\/v2\/comments?post=1064"}],"version-history":[{"count":5,"href":"https:\/\/www.campuswerk.com\/Hochschulen-Deutschland\/wp-json\/wp\/v2\/pages\/1064\/revisions"}],"predecessor-version":[{"id":3223,"href":"https:\/\/www.campuswerk.com\/Hochschulen-Deutschland\/wp-json\/wp\/v2\/pages\/1064\/revisions\/3223"}],"up":[{"embeddable":true,"href":"https:\/\/www.campuswerk.com\/Hochschulen-Deutschland\/wp-json\/wp\/v2\/pages\/323"}],"wp:attachment":[{"href":"https:\/\/www.campuswerk.com\/Hochschulen-Deutschland\/wp-json\/wp\/v2\/media?parent=1064"}],"curies":[{"name":"wp","href":"https:\/\/api.w.org\/{rel}","templated":true}]}}